{"id":1419,"date":"2021-08-01T12:57:33","date_gmt":"2021-08-01T12:57:33","guid":{"rendered":"https:\/\/tecnologicoav.com\/site\/blog\/"},"modified":"2025-11-06T23:22:12","modified_gmt":"2025-11-06T23:22:12","slug":"comunicados","status":"publish","type":"page","link":"https:\/\/tecnologicoav.com\/site\/comunicados\/","title":{"rendered":"Comunicados"},"content":{"rendered":"\t\t<div data-elementor-type=\"wp-post\" data-elementor-id=\"1419\" class=\"elementor elementor-1419\">\n\t\t\t\t\t\t<section class=\"elementor-section elementor-top-section elementor-element elementor-element-37204d8 elementor-section-boxed elementor-section-height-default elementor-section-height-default\" data-id=\"37204d8\" data-element_type=\"section\" data-e-type=\"section\" data-settings=\"{&quot;animation&quot;:&quot;none&quot;}\">\n\t\t\t\t\t\t<div class=\"elementor-container elementor-column-gap-default\">\n\t\t\t\t\t<div class=\"elementor-column elementor-col-100 elementor-top-column elementor-element elementor-element-63df7ae\" data-id=\"63df7ae\" data-element_type=\"column\" data-e-type=\"column\">\n\t\t\t<div class=\"elementor-widget-wrap elementor-element-populated\">\n\t\t\t\t\t\t<div class=\"elementor-element elementor-element-106a128 post_has_media_content-yes elementor-widget elementor-widget-gt3-core-blog\" data-id=\"106a128\" data-element_type=\"widget\" data-e-type=\"widget\" data-widget_type=\"gt3-core-blog.default\">\n\t\t\t\t<div class=\"elementor-widget-container\">\n\t\t\t\t\t<script type=\"application\/json\" id=\"settings--106a128\">{\"packery\":false,\"isotope_settings\":{\"layoutMode\":\"masonry\"}}<\/script>\t<div class=\"gt3_module_blog items1  items_type1\">\n\t\t\t\t\t<\/div>\n\t\t\t\t<\/div>\n\t\t\t\t<\/div>\n\t\t\t\t\t<\/div>\n\t\t<\/div>\n\t\t\t\t\t<\/div>\n\t\t<\/section>\n\t\t<div class=\"elementor-element elementor-element-fb3d7f3 e-flex e-con-boxed e-con e-parent\" data-id=\"fb3d7f3\" data-element_type=\"container\" data-e-type=\"container\">\n\t\t\t\t\t<div class=\"e-con-inner\">\n\t\t\t\t<div class=\"elementor-element elementor-element-9739ad2 post_has_media_content-yes elementor-widget elementor-widget-gt3-core-blog\" data-id=\"9739ad2\" data-element_type=\"widget\" data-e-type=\"widget\" data-widget_type=\"gt3-core-blog.default\">\n\t\t\t\t<div class=\"elementor-widget-container\">\n\t\t\t\t\t<script type=\"application\/json\" id=\"settings--9739ad2\">{\"packery\":false,\"isotope_settings\":{\"layoutMode\":\"masonry\"}}<\/script>\t<div class=\"gt3_module_blog items1  items_type1\">\n\t\t\t\t<div class=\"blog_post_preview isotope_item isotope-item  format-standard-image comunicados para-estudiantes para-profesores para-publico-en-general packery_blog_item_1 has_post_boxed_content \">\n                        <div class=\"item_wrapper\" >\n                            <div class=\"blog_content\"><div class=\"blog_post_media\"><a href=\"https:\/\/tecnologicoav.com\/site\/inauguracion-de-la-plaza-del-estudiante-y-develacion-de-tec-av\/\"><img decoding=\"async\"  srcset=\"https:\/\/tecnologicoav.com\/site\/wp-content\/uploads\/2025\/11\/TECAV-INAUGURACION-PLAZA-DEL-ESTUDIANTE-FINAL-1600x900.png 1600w, https:\/\/tecnologicoav.com\/site\/wp-content\/uploads\/2025\/11\/TECAV-INAUGURACION-PLAZA-DEL-ESTUDIANTE-FINAL-1200x675.png 1200w, https:\/\/tecnologicoav.com\/site\/wp-content\/uploads\/2025\/11\/TECAV-INAUGURACION-PLAZA-DEL-ESTUDIANTE-FINAL-992x558.png 992w, https:\/\/tecnologicoav.com\/site\/wp-content\/uploads\/2025\/11\/TECAV-INAUGURACION-PLAZA-DEL-ESTUDIANTE-FINAL-768x432.png 768w, https:\/\/tecnologicoav.com\/site\/wp-content\/uploads\/2025\/11\/TECAV-INAUGURACION-PLAZA-DEL-ESTUDIANTE-FINAL-600x337.png 600w,https:\/\/tecnologicoav.com\/site\/wp-content\/uploads\/2025\/11\/TECAV-INAUGURACION-PLAZA-DEL-ESTUDIANTE-FINAL-420x236.png 420w\" src=\"https:\/\/tecnologicoav.com\/site\/wp-content\/uploads\/2025\/11\/TECAV-INAUGURACION-PLAZA-DEL-ESTUDIANTE-FINAL-1600x900.png\" sizes=\"(min-width: 1200px) 1600px, (min-width: 992px) 1200px, (min-width: 768px) 992px, (min-width: 600px) 768px, (min-width: 420px) 600px, (max-width: 600px) 420px\" alt=\"Inauguraci\u00f3n de la Plaza del Estudiante y Develaci\u00f3n de tec-av\" \/><\/a><\/div><h2 class=\"blogpost_title\"><a href=\"https:\/\/tecnologicoav.com\/site\/inauguracion-de-la-plaza-del-estudiante-y-develacion-de-tec-av\/\">Inauguraci\u00f3n de la Plaza del Estudiante y Develaci\u00f3n de tec-av<\/a><\/h2><div class=\"listing_meta_wrap\"><div class=\"listing_meta\"><span class=\"post_date\">noviembre 5, 2025<\/span><\/div><\/div><div class=\"blog_item_description\">Estimados Profesores y Estudiantes,\nEl Tecnol\u00f3gico Am\u00e9rico Vespucio tiene el agrado de invitar a toda nuestra comunidad universitaria a un evento muy especial: la Inauguraci\u00f3n de la Plaza del Estudiante.\nEste nuevo espacio ha sido creado y dedicado al encuentro, la identidad y el esp\u00edritu de todos los que formamos parte de esta instituci\u00f3n.\nDurante este acto simb\u00f3lico,...<\/div><div class=\"clear post_clear\"><\/div><div class=\"gt3_post_footer\"><div class=\"gt3_module_button_list\"><a href=\"https:\/\/tecnologicoav.com\/site\/inauguracion-de-la-plaza-del-estudiante-y-develacion-de-tec-av\/\">M\u00c1S DETALLES...<\/a><\/div><div class=\"blog_post_info\">\t\t\t<!-- post share block -->\n\t\t\t<div class=\"post_share_block\">\n\t\t\t\t<a href=\"#\"><span class=\"sharing_title\">Share<\/span><\/a>\n\t\t\t\t<div class=\"post_share_wrap\">\n\t\t\t\t\t<ul>\n\t\t\t\t\t\t<li class=\"post_share-facebook\"><a target=\"_blank\" href=\"https:\/\/www.facebook.com\/share.php?u=https:\/\/tecnologicoav.com\/site\/inauguracion-de-la-plaza-del-estudiante-y-develacion-de-tec-av\/\" data-title=\"Facebook\" aria-label=\"Share on Facebook\"><span class=\"fa fa-facebook\"><\/span><\/a><\/li><li class=\"post_share-twitter\"><a target=\"_blank\" href=\"https:\/\/twitter.com\/intent\/tweet?text=Inauguraci\u00f3n%20de%20la%20Plaza%20del%20Estudiante%20y%20Develaci\u00f3n%20de%20tec-av&#038;url=https:\/\/tecnologicoav.com\/site\/inauguracion-de-la-plaza-del-estudiante-y-develacion-de-tec-av\/\" data-title=\"Twitter\" aria-label=\"Share on Twitter\"><span class=\"fa fa-twitter\"><\/span><\/a><\/li><li class=\"post_share-pinterest\"><a target=\"_blank\" href=\"https:\/\/pinterest.com\/pin\/create\/button\/?url=https:\/\/tecnologicoav.com\/site\/inauguracion-de-la-plaza-del-estudiante-y-develacion-de-tec-av\/&#038;media=https:\/\/tecnologicoav.com\/site\/wp-content\/uploads\/2025\/11\/TECAV-INAUGURACION-PLAZA-DEL-ESTUDIANTE-FINAL.png\" data-elementor-open-lightbox=\"no\" data-title=\"Pinterest\" aria-label=\"Share on Pinterest\"><span class=\"fa fa-pinterest\"><\/span><\/a><\/li><li class=\"post_share-linkedin\"><a target=\"_blank\" href=\"https:\/\/www.linkedin.com\/shareArticle?mini=true&#038;url=https:\/\/tecnologicoav.com\/site\/inauguracion-de-la-plaza-del-estudiante-y-develacion-de-tec-av\/&#038;title=Inauguraci\u00f3n%20de%20la%20Plaza%20del%20Estudiante%20y%20Develaci\u00f3n%20de%20tec-av&#038;source=TECAV%20-%20Tecnol\u00f3gico%20Am\u00e9rico%20Vespucio\" data-title=\"Linkedin\" aria-label=\"Share on Linkedin\"><span class=\"fa fa-linkedin\"><\/span><\/a><\/li><li class=\"post_share-mail\"><a target=\"_blank\" href=\"mailto:?subject=Inauguraci%C3%B3n+de+la+Plaza+del+Estudiante+y+Develaci%C3%B3n+de+tec-av&body=https:\/\/tecnologicoav.com\/site\/inauguracion-de-la-plaza-del-estudiante-y-develacion-de-tec-av\/\" data-title=\"Email\" aria-label=\"Share on Email\"><span class=\"fa fa-envelope\"><\/span><\/a><\/li>\t\t\t\t\t<\/ul>\n\t\t\t\t<\/div>\n\t\t\t<\/div>\n\t\t\t<!-- \/\/post share block -->\n\t\t<\/div><div class=\"clear\"><\/div><\/div><\/div>\n\t\t\t\t\t\t<\/div>\n\t\t\t\t\t<\/div>\n\t\t\t\t\t\t<\/div>\n\t\t\t\t<\/div>\n\t\t\t\t<\/div>\n\t\t\t\t\t<\/div>\n\t\t\t\t<\/div>\n\t\t\t\t<\/div>\n\t\t","protected":false},"excerpt":{"rendered":"<p>Inauguraci\u00f3n de la Plaza del Estudiante y Develaci\u00f3n de noviembre 5, 2025Estimados Profesores y Estudiantes, El Tecnol\u00f3gico Am\u00e9rico Vespucio tiene el agrado de invitar a toda nuestra comunidad universitaria a un evento muy especial: la Inauguraci\u00f3n de la Plaza del Estudiante. Este nuevo espacio ha sido creado y dedicado al encuentro, la identidad y el [&hellip;]<\/p>\n","protected":false},"author":1,"featured_media":0,"parent":0,"menu_order":0,"comment_status":"closed","ping_status":"closed","template":"","meta":{"inline_featured_image":false,"footnotes":""},"class_list":["post-1419","page","type-page","status-publish","hentry"],"_links":{"self":[{"href":"https:\/\/tecnologicoav.com\/site\/wp-json\/wp\/v2\/pages\/1419","targetHints":{"allow":["GET"]}}],"collection":[{"href":"https:\/\/tecnologicoav.com\/site\/wp-json\/wp\/v2\/pages"}],"about":[{"href":"https:\/\/tecnologicoav.com\/site\/wp-json\/wp\/v2\/types\/page"}],"author":[{"embeddable":true,"href":"https:\/\/tecnologicoav.com\/site\/wp-json\/wp\/v2\/users\/1"}],"replies":[{"embeddable":true,"href":"https:\/\/tecnologicoav.com\/site\/wp-json\/wp\/v2\/comments?post=1419"}],"version-history":[{"count":4,"href":"https:\/\/tecnologicoav.com\/site\/wp-json\/wp\/v2\/pages\/1419\/revisions"}],"predecessor-version":[{"id":21529,"href":"https:\/\/tecnologicoav.com\/site\/wp-json\/wp\/v2\/pages\/1419\/revisions\/21529"}],"wp:attachment":[{"href":"https:\/\/tecnologicoav.com\/site\/wp-json\/wp\/v2\/media?parent=1419"}],"curies":[{"name":"wp","href":"https:\/\/api.w.org\/{rel}","templated":true}]}}