{"id":2802,"date":"2021-10-02T13:59:14","date_gmt":"2021-10-02T13:59:14","guid":{"rendered":"https:\/\/tecnologicoav.com\/site\/blog-packery\/"},"modified":"2025-11-06T23:24:04","modified_gmt":"2025-11-06T23:24:04","slug":"noticias-tec-av","status":"publish","type":"page","link":"https:\/\/tecnologicoav.com\/site\/noticias-tec-av\/","title":{"rendered":"Noticias Tec-av"},"content":{"rendered":"\t\t<div data-elementor-type=\"wp-page\" data-elementor-id=\"2802\" class=\"elementor elementor-2802\">\n\t\t\t\t\t\t<section class=\"elementor-section elementor-top-section elementor-element elementor-element-46ba746 elementor-section-boxed elementor-section-height-default elementor-section-height-default\" data-id=\"46ba746\" data-element_type=\"section\" data-e-type=\"section\">\n\t\t\t\t\t\t<div class=\"elementor-container elementor-column-gap-default\">\n\t\t\t\t\t<div class=\"elementor-column elementor-col-100 elementor-top-column elementor-element elementor-element-16172a1\" data-id=\"16172a1\" data-element_type=\"column\" data-e-type=\"column\">\n\t\t\t<div class=\"elementor-widget-wrap elementor-element-populated\">\n\t\t\t\t\t\t<div class=\"elementor-element elementor-element-6d99766 rounded_item_yes elementor-widget elementor-widget-gt3-core-blog-packery\" data-id=\"6d99766\" data-element_type=\"widget\" data-e-type=\"widget\" data-widget_type=\"gt3-core-blog-packery.default\">\n\t\t\t\t<div class=\"elementor-widget-container\">\n\t\t\t\t\t\t<div class=\"isotope_wrapper packery_type_1\" data-post-index=\"6\">\n\t\t<div class=\"blog_post_preview isotope_item  packery_extra_size-default  render_index_1    format-standard \"><div class=\"item_wrapper\"><div class=\"gt3_blog_packery__img_wrap\"><div class=\"gt3_blog_packery__img\"><a href=\"https:\/\/tecnologicoav.com\/site\/administracion-de-empresas-tecav-forma-gerentes-con-enfoque-en-productividad-y-etica\/\"><div class=\"gt3_blog_packery__image-placeholder\" style=\"padding-bottom:120%;background-color:#716B6F;\"><\/div><img decoding=\"async\"  srcset=\"https:\/\/tecnologicoav.com\/site\/wp-content\/uploads\/2025\/11\/imag-not-006-1200x1440.jpg 1200w, https:\/\/tecnologicoav.com\/site\/wp-content\/uploads\/2025\/11\/imag-not-006-670x804.jpg 670w, https:\/\/tecnologicoav.com\/site\/wp-content\/uploads\/2025\/11\/imag-not-006-640x768.jpg 640w, https:\/\/tecnologicoav.com\/site\/wp-content\/uploads\/2025\/11\/imag-not-006-540x648.jpg 540w, https:\/\/tecnologicoav.com\/site\/wp-content\/uploads\/2025\/11\/imag-not-006-400x480.jpg 400w, https:\/\/tecnologicoav.com\/site\/wp-content\/uploads\/2025\/11\/imag-not-006-496x595.jpg 496w, https:\/\/tecnologicoav.com\/site\/wp-content\/uploads\/2025\/11\/imag-not-006-384x460.jpg 384w, https:\/\/tecnologicoav.com\/site\/wp-content\/uploads\/2025\/11\/imag-not-006-600x720.jpg 600w,https:\/\/tecnologicoav.com\/site\/wp-content\/uploads\/2025\/11\/imag-not-006-420x504.jpg 420w\" src=\"https:\/\/tecnologicoav.com\/site\/wp-content\/uploads\/2025\/11\/imag-not-006-540x648.jpg\" sizes=\"(min-width: 2000px) 1200px, (min-width: 1920px) 670px, (min-width: 1620px) 640px, (min-width: 1200px) 540px, (min-width: 992px) 400px, (min-width: 768px) 496px, (min-width: 600px) 384px, (min-width: 420px) 600px, (max-width: 600px) 420px\" alt=\"Administraci\u00f3n de Empresas: tec-av Forma Gerentes con Enfoque en Productividad y \u00c9tica\" \/><\/a><\/div><\/div><div class=\"gt3_blog_packery__text_wrap\"><div class=\"listing_meta\"><span class=\"post_date\"><a href=\"https:\/\/tecnologicoav.com\/site\/administracion-de-empresas-tecav-forma-gerentes-con-enfoque-en-productividad-y-etica\/\">noviembre 3, 2025<\/a><\/span><\/div><h3 class=\"blogpost_title\"><a href=\"https:\/\/tecnologicoav.com\/site\/administracion-de-empresas-tecav-forma-gerentes-con-enfoque-en-productividad-y-etica\/\">Administraci\u00f3n de Empresas: tec-av Forma Gerentes con Enfoque en Productividad y \u00c9tica<\/a><\/h3><div class='gt3_blog_packery__post_footer'><div class=\"gt3_module_button_list\"><a href=\"https:\/\/tecnologicoav.com\/site\/administracion-de-empresas-tecav-forma-gerentes-con-enfoque-en-productividad-y-etica\/\">M\u00c1S DETALLES...<\/a><\/div>\t\t\t<!-- post share block -->\n\t\t\t<div class=\"post_share_block\">\n\t\t\t\t<a href=\"#\"><span class=\"sharing_title\">Share<\/span><\/a>\n\t\t\t\t<div class=\"post_share_wrap\">\n\t\t\t\t\t<ul>\n\t\t\t\t\t\t<li class=\"post_share-facebook\"><a target=\"_blank\" href=\"https:\/\/www.facebook.com\/share.php?u=https:\/\/tecnologicoav.com\/site\/administracion-de-empresas-tecav-forma-gerentes-con-enfoque-en-productividad-y-etica\/\" data-title=\"Facebook\" aria-label=\"Share on Facebook\"><span class=\"fa fa-facebook\"><\/span><\/a><\/li><li class=\"post_share-twitter\"><a target=\"_blank\" href=\"https:\/\/twitter.com\/intent\/tweet?text=Administraci\u00f3n%20de%20Empresas:%20tec-av%20Forma%20Gerentes%20con%20Enfoque%20en%20Productividad%20y%20\u00c9tica&#038;url=https:\/\/tecnologicoav.com\/site\/administracion-de-empresas-tecav-forma-gerentes-con-enfoque-en-productividad-y-etica\/\" data-title=\"Twitter\" aria-label=\"Share on Twitter\"><span class=\"fa fa-twitter\"><\/span><\/a><\/li><li class=\"post_share-linkedin\"><a target=\"_blank\" href=\"https:\/\/www.linkedin.com\/shareArticle?mini=true&#038;url=https:\/\/tecnologicoav.com\/site\/administracion-de-empresas-tecav-forma-gerentes-con-enfoque-en-productividad-y-etica\/&#038;title=Administraci\u00f3n%20de%20Empresas:%20tec-av%20Forma%20Gerentes%20con%20Enfoque%20en%20Productividad%20y%20\u00c9tica&#038;source=TECAV%20-%20Tecnol\u00f3gico%20Am\u00e9rico%20Vespucio\" data-title=\"Linkedin\" aria-label=\"Share on Linkedin\"><span class=\"fa fa-linkedin\"><\/span><\/a><\/li><li class=\"post_share-mail\"><a target=\"_blank\" href=\"mailto:?subject=Administraci%C3%B3n+de+Empresas%3A+tec-av+Forma+Gerentes+con+Enfoque+en+Productividad+y+%C3%89tica&body=https:\/\/tecnologicoav.com\/site\/administracion-de-empresas-tecav-forma-gerentes-con-enfoque-en-productividad-y-etica\/\" data-title=\"Email\" aria-label=\"Share on Email\"><span class=\"fa fa-envelope\"><\/span><\/a><\/li>\t\t\t\t\t<\/ul>\n\t\t\t\t<\/div>\n\t\t\t<\/div>\n\t\t\t<!-- \/\/post share block -->\n\t\t<\/div><a class='gt3_blog_packery__text_wrap_link' href='https:\/\/tecnologicoav.com\/site\/administracion-de-empresas-tecav-forma-gerentes-con-enfoque-en-productividad-y-etica\/'><\/a><\/div><\/div><\/div><div class=\"blog_post_preview isotope_item  packery_extra_size-large_width  render_index_2    format-standard \"><div class=\"item_wrapper\"><div class=\"gt3_blog_packery__img_wrap\"><div class=\"gt3_blog_packery__img\"><a href=\"https:\/\/tecnologicoav.com\/site\/publicidad-y-mercadeo-la-cuna-de-la-creatividad-y-las-estrategias-digitales-en-tecav\/\"><div class=\"gt3_blog_packery__image-placeholder\" style=\"padding-bottom:60%;background-color:#B0B0AA;\"><\/div><img decoding=\"async\"  srcset=\"https:\/\/tecnologicoav.com\/site\/wp-content\/uploads\/2021\/08\/imag-not-007-1170x702.jpg 1170w, https:\/\/tecnologicoav.com\/site\/wp-content\/uploads\/2021\/08\/imag-not-007-960x576.jpg 960w, https:\/\/tecnologicoav.com\/site\/wp-content\/uploads\/2021\/08\/imag-not-007-1080x648.jpg 1080w, https:\/\/tecnologicoav.com\/site\/wp-content\/uploads\/2021\/08\/imag-not-007-800x480.jpg 800w, https:\/\/tecnologicoav.com\/site\/wp-content\/uploads\/2021\/08\/imag-not-007-992x595.jpg 992w, https:\/\/tecnologicoav.com\/site\/wp-content\/uploads\/2021\/08\/imag-not-007-600x360.jpg 600w,https:\/\/tecnologicoav.com\/site\/wp-content\/uploads\/2021\/08\/imag-not-007-420x252.jpg 420w\" src=\"https:\/\/tecnologicoav.com\/site\/wp-content\/uploads\/2021\/08\/imag-not-007-1080x648.jpg\" sizes=\"(min-width: 1921px) 1170px, (min-width: 1600px) 960px, (min-width: 1200px) 1080px, (min-width: 992px) 800px, (min-width: 768px) 992px, (min-width: 420px) 600px, (max-width: 600px) 420px\" alt=\"Publicidad y Mercadeo: La Cuna de la Creatividad y las Estrategias Digitales en tec-av\" \/><\/a><\/div><\/div><div class=\"gt3_blog_packery__text_wrap\"><div class=\"listing_meta\"><span class=\"post_date\"><a href=\"https:\/\/tecnologicoav.com\/site\/publicidad-y-mercadeo-la-cuna-de-la-creatividad-y-las-estrategias-digitales-en-tecav\/\">noviembre 3, 2025<\/a><\/span><\/div><h3 class=\"blogpost_title\"><a href=\"https:\/\/tecnologicoav.com\/site\/publicidad-y-mercadeo-la-cuna-de-la-creatividad-y-las-estrategias-digitales-en-tecav\/\">Publicidad y Mercadeo: La Cuna de la Creatividad y las Estrategias Digitales en tec-av<\/a><\/h3><div class='gt3_blog_packery__post_footer'><div class=\"gt3_module_button_list\"><a href=\"https:\/\/tecnologicoav.com\/site\/publicidad-y-mercadeo-la-cuna-de-la-creatividad-y-las-estrategias-digitales-en-tecav\/\">M\u00c1S DETALLES...<\/a><\/div>\t\t\t<!-- post share block -->\n\t\t\t<div class=\"post_share_block\">\n\t\t\t\t<a href=\"#\"><span class=\"sharing_title\">Share<\/span><\/a>\n\t\t\t\t<div class=\"post_share_wrap\">\n\t\t\t\t\t<ul>\n\t\t\t\t\t\t<li class=\"post_share-facebook\"><a target=\"_blank\" href=\"https:\/\/www.facebook.com\/share.php?u=https:\/\/tecnologicoav.com\/site\/publicidad-y-mercadeo-la-cuna-de-la-creatividad-y-las-estrategias-digitales-en-tecav\/\" data-title=\"Facebook\" aria-label=\"Share on Facebook\"><span class=\"fa fa-facebook\"><\/span><\/a><\/li><li class=\"post_share-twitter\"><a target=\"_blank\" href=\"https:\/\/twitter.com\/intent\/tweet?text=Publicidad%20y%20Mercadeo:%20La%20Cuna%20de%20la%20Creatividad%20y%20las%20Estrategias%20Digitales%20en%20tec-av&#038;url=https:\/\/tecnologicoav.com\/site\/publicidad-y-mercadeo-la-cuna-de-la-creatividad-y-las-estrategias-digitales-en-tecav\/\" data-title=\"Twitter\" aria-label=\"Share on Twitter\"><span class=\"fa fa-twitter\"><\/span><\/a><\/li><li class=\"post_share-linkedin\"><a target=\"_blank\" href=\"https:\/\/www.linkedin.com\/shareArticle?mini=true&#038;url=https:\/\/tecnologicoav.com\/site\/publicidad-y-mercadeo-la-cuna-de-la-creatividad-y-las-estrategias-digitales-en-tecav\/&#038;title=Publicidad%20y%20Mercadeo:%20La%20Cuna%20de%20la%20Creatividad%20y%20las%20Estrategias%20Digitales%20en%20tec-av&#038;source=TECAV%20-%20Tecnol\u00f3gico%20Am\u00e9rico%20Vespucio\" data-title=\"Linkedin\" aria-label=\"Share on Linkedin\"><span class=\"fa fa-linkedin\"><\/span><\/a><\/li><li class=\"post_share-mail\"><a target=\"_blank\" href=\"mailto:?subject=Publicidad+y+Mercadeo%3A+La+Cuna+de+la+Creatividad+y+las+Estrategias+Digitales+en+tec-av&body=https:\/\/tecnologicoav.com\/site\/publicidad-y-mercadeo-la-cuna-de-la-creatividad-y-las-estrategias-digitales-en-tecav\/\" data-title=\"Email\" aria-label=\"Share on Email\"><span class=\"fa fa-envelope\"><\/span><\/a><\/li>\t\t\t\t\t<\/ul>\n\t\t\t\t<\/div>\n\t\t\t<\/div>\n\t\t\t<!-- \/\/post share block -->\n\t\t<\/div><a class='gt3_blog_packery__text_wrap_link' href='https:\/\/tecnologicoav.com\/site\/publicidad-y-mercadeo-la-cuna-de-la-creatividad-y-las-estrategias-digitales-en-tecav\/'><\/a><\/div><\/div><\/div><div class=\"blog_post_preview isotope_item  packery_extra_size-large_width  render_index_3    format-standard \"><div class=\"item_wrapper\"><div class=\"gt3_blog_packery__img_wrap\"><div class=\"gt3_blog_packery__img\"><a href=\"https:\/\/tecnologicoav.com\/site\/informatica-tecav-prepara-t-s-u-para-el-desafio-de-la-transformacion-digital-y-la-ciberseguridad\/\"><div class=\"gt3_blog_packery__image-placeholder\" style=\"padding-bottom:60%;background-color:#6F6764;\"><\/div><img decoding=\"async\"  srcset=\"https:\/\/tecnologicoav.com\/site\/wp-content\/uploads\/2021\/08\/imag-not-010-1170x702.jpg 1170w, https:\/\/tecnologicoav.com\/site\/wp-content\/uploads\/2021\/08\/imag-not-010-960x576.jpg 960w, https:\/\/tecnologicoav.com\/site\/wp-content\/uploads\/2021\/08\/imag-not-010-1080x648.jpg 1080w, https:\/\/tecnologicoav.com\/site\/wp-content\/uploads\/2021\/08\/imag-not-010-800x480.jpg 800w, https:\/\/tecnologicoav.com\/site\/wp-content\/uploads\/2021\/08\/imag-not-010-992x595.jpg 992w, https:\/\/tecnologicoav.com\/site\/wp-content\/uploads\/2021\/08\/imag-not-010-600x360.jpg 600w,https:\/\/tecnologicoav.com\/site\/wp-content\/uploads\/2021\/08\/imag-not-010-420x252.jpg 420w\" src=\"https:\/\/tecnologicoav.com\/site\/wp-content\/uploads\/2021\/08\/imag-not-010-1080x648.jpg\" sizes=\"(min-width: 1921px) 1170px, (min-width: 1600px) 960px, (min-width: 1200px) 1080px, (min-width: 992px) 800px, (min-width: 768px) 992px, (min-width: 420px) 600px, (max-width: 600px) 420px\" alt=\"Inform\u00e1tica: tec-av Prepara T.S.U. para el Desaf\u00edo de la Transformaci\u00f3n Digital y la Ciberseguridad\" \/><\/a><\/div><\/div><div class=\"gt3_blog_packery__text_wrap\"><div class=\"listing_meta\"><span class=\"post_date\"><a href=\"https:\/\/tecnologicoav.com\/site\/informatica-tecav-prepara-t-s-u-para-el-desafio-de-la-transformacion-digital-y-la-ciberseguridad\/\">noviembre 3, 2025<\/a><\/span><\/div><h3 class=\"blogpost_title\"><a href=\"https:\/\/tecnologicoav.com\/site\/informatica-tecav-prepara-t-s-u-para-el-desafio-de-la-transformacion-digital-y-la-ciberseguridad\/\">Inform\u00e1tica: tec-av Prepara T.S.U. para el Desaf\u00edo de la Transformaci\u00f3n Digital y la Ciberseguridad<\/a><\/h3><div class='gt3_blog_packery__post_footer'><div class=\"gt3_module_button_list\"><a href=\"https:\/\/tecnologicoav.com\/site\/informatica-tecav-prepara-t-s-u-para-el-desafio-de-la-transformacion-digital-y-la-ciberseguridad\/\">M\u00c1S DETALLES...<\/a><\/div>\t\t\t<!-- post share block -->\n\t\t\t<div class=\"post_share_block\">\n\t\t\t\t<a href=\"#\"><span class=\"sharing_title\">Share<\/span><\/a>\n\t\t\t\t<div class=\"post_share_wrap\">\n\t\t\t\t\t<ul>\n\t\t\t\t\t\t<li class=\"post_share-facebook\"><a target=\"_blank\" href=\"https:\/\/www.facebook.com\/share.php?u=https:\/\/tecnologicoav.com\/site\/informatica-tecav-prepara-t-s-u-para-el-desafio-de-la-transformacion-digital-y-la-ciberseguridad\/\" data-title=\"Facebook\" aria-label=\"Share on Facebook\"><span class=\"fa fa-facebook\"><\/span><\/a><\/li><li class=\"post_share-twitter\"><a target=\"_blank\" href=\"https:\/\/twitter.com\/intent\/tweet?text=Inform\u00e1tica:%20tec-av%20Prepara%20T.S.U.%20para%20el%20Desaf\u00edo%20de%20la%20Transformaci\u00f3n%20Digital%20y%20la%20Ciberseguridad&#038;url=https:\/\/tecnologicoav.com\/site\/informatica-tecav-prepara-t-s-u-para-el-desafio-de-la-transformacion-digital-y-la-ciberseguridad\/\" data-title=\"Twitter\" aria-label=\"Share on Twitter\"><span class=\"fa fa-twitter\"><\/span><\/a><\/li><li class=\"post_share-linkedin\"><a target=\"_blank\" href=\"https:\/\/www.linkedin.com\/shareArticle?mini=true&#038;url=https:\/\/tecnologicoav.com\/site\/informatica-tecav-prepara-t-s-u-para-el-desafio-de-la-transformacion-digital-y-la-ciberseguridad\/&#038;title=Inform\u00e1tica:%20tec-av%20Prepara%20T.S.U.%20para%20el%20Desaf\u00edo%20de%20la%20Transformaci\u00f3n%20Digital%20y%20la%20Ciberseguridad&#038;source=TECAV%20-%20Tecnol\u00f3gico%20Am\u00e9rico%20Vespucio\" data-title=\"Linkedin\" aria-label=\"Share on Linkedin\"><span class=\"fa fa-linkedin\"><\/span><\/a><\/li><li class=\"post_share-mail\"><a target=\"_blank\" href=\"mailto:?subject=Inform%C3%A1tica%3A+tec-av+Prepara+T.S.U.+para+el+Desaf%C3%ADo+de+la+Transformaci%C3%B3n+Digital+y+la+Ciberseguridad&body=https:\/\/tecnologicoav.com\/site\/informatica-tecav-prepara-t-s-u-para-el-desafio-de-la-transformacion-digital-y-la-ciberseguridad\/\" data-title=\"Email\" aria-label=\"Share on Email\"><span class=\"fa fa-envelope\"><\/span><\/a><\/li>\t\t\t\t\t<\/ul>\n\t\t\t\t<\/div>\n\t\t\t<\/div>\n\t\t\t<!-- \/\/post share block -->\n\t\t<\/div><a class='gt3_blog_packery__text_wrap_link' href='https:\/\/tecnologicoav.com\/site\/informatica-tecav-prepara-t-s-u-para-el-desafio-de-la-transformacion-digital-y-la-ciberseguridad\/'><\/a><\/div><\/div><\/div><div class=\"blog_post_preview isotope_item  packery_extra_size-default  render_index_4    format-standard \"><div class=\"item_wrapper\"><div class=\"gt3_blog_packery__img_wrap\"><div class=\"gt3_blog_packery__img\"><a href=\"https:\/\/tecnologicoav.com\/site\/construccion-civil-futuros-t-s-u-de-tecav-lideraran-proyectos-de-infraestructura\/\"><div class=\"gt3_blog_packery__image-placeholder\" style=\"padding-bottom:120%;background-color:#CAC9CB;\"><\/div><img decoding=\"async\"  srcset=\"https:\/\/tecnologicoav.com\/site\/wp-content\/uploads\/2025\/11\/imag-not-012-1200x1440.jpg 1200w, https:\/\/tecnologicoav.com\/site\/wp-content\/uploads\/2025\/11\/imag-not-012-670x804.jpg 670w, https:\/\/tecnologicoav.com\/site\/wp-content\/uploads\/2025\/11\/imag-not-012-640x768.jpg 640w, https:\/\/tecnologicoav.com\/site\/wp-content\/uploads\/2025\/11\/imag-not-012-540x648.jpg 540w, https:\/\/tecnologicoav.com\/site\/wp-content\/uploads\/2025\/11\/imag-not-012-400x480.jpg 400w, https:\/\/tecnologicoav.com\/site\/wp-content\/uploads\/2025\/11\/imag-not-012-496x595.jpg 496w, https:\/\/tecnologicoav.com\/site\/wp-content\/uploads\/2025\/11\/imag-not-012-384x460.jpg 384w, https:\/\/tecnologicoav.com\/site\/wp-content\/uploads\/2025\/11\/imag-not-012-600x720.jpg 600w,https:\/\/tecnologicoav.com\/site\/wp-content\/uploads\/2025\/11\/imag-not-012-420x504.jpg 420w\" src=\"https:\/\/tecnologicoav.com\/site\/wp-content\/uploads\/2025\/11\/imag-not-012-540x648.jpg\" sizes=\"(min-width: 2000px) 1200px, (min-width: 1920px) 670px, (min-width: 1620px) 640px, (min-width: 1200px) 540px, (min-width: 992px) 400px, (min-width: 768px) 496px, (min-width: 600px) 384px, (min-width: 420px) 600px, (max-width: 600px) 420px\" alt=\"Construcci\u00f3n Civil: Futuros T.S.U. de tec-av Liderar\u00e1n Proyectos de Infraestructura\" \/><\/a><\/div><\/div><div class=\"gt3_blog_packery__text_wrap\"><div class=\"listing_meta\"><span class=\"post_date\"><a href=\"https:\/\/tecnologicoav.com\/site\/construccion-civil-futuros-t-s-u-de-tecav-lideraran-proyectos-de-infraestructura\/\">noviembre 3, 2025<\/a><\/span><\/div><h3 class=\"blogpost_title\"><a href=\"https:\/\/tecnologicoav.com\/site\/construccion-civil-futuros-t-s-u-de-tecav-lideraran-proyectos-de-infraestructura\/\">Construcci\u00f3n Civil: Futuros T.S.U. de tec-av Liderar\u00e1n Proyectos de Infraestructura<\/a><\/h3><div class='gt3_blog_packery__post_footer'><div class=\"gt3_module_button_list\"><a href=\"https:\/\/tecnologicoav.com\/site\/construccion-civil-futuros-t-s-u-de-tecav-lideraran-proyectos-de-infraestructura\/\">M\u00c1S DETALLES...<\/a><\/div>\t\t\t<!-- post share block -->\n\t\t\t<div class=\"post_share_block\">\n\t\t\t\t<a href=\"#\"><span class=\"sharing_title\">Share<\/span><\/a>\n\t\t\t\t<div class=\"post_share_wrap\">\n\t\t\t\t\t<ul>\n\t\t\t\t\t\t<li class=\"post_share-facebook\"><a target=\"_blank\" href=\"https:\/\/www.facebook.com\/share.php?u=https:\/\/tecnologicoav.com\/site\/construccion-civil-futuros-t-s-u-de-tecav-lideraran-proyectos-de-infraestructura\/\" data-title=\"Facebook\" aria-label=\"Share on Facebook\"><span class=\"fa fa-facebook\"><\/span><\/a><\/li><li class=\"post_share-twitter\"><a target=\"_blank\" href=\"https:\/\/twitter.com\/intent\/tweet?text=Construcci\u00f3n%20Civil:%20Futuros%20T.S.U.%20de%20tec-av%20Liderar\u00e1n%20Proyectos%20de%20Infraestructura&#038;url=https:\/\/tecnologicoav.com\/site\/construccion-civil-futuros-t-s-u-de-tecav-lideraran-proyectos-de-infraestructura\/\" data-title=\"Twitter\" aria-label=\"Share on Twitter\"><span class=\"fa fa-twitter\"><\/span><\/a><\/li><li class=\"post_share-linkedin\"><a target=\"_blank\" href=\"https:\/\/www.linkedin.com\/shareArticle?mini=true&#038;url=https:\/\/tecnologicoav.com\/site\/construccion-civil-futuros-t-s-u-de-tecav-lideraran-proyectos-de-infraestructura\/&#038;title=Construcci\u00f3n%20Civil:%20Futuros%20T.S.U.%20de%20tec-av%20Liderar\u00e1n%20Proyectos%20de%20Infraestructura&#038;source=TECAV%20-%20Tecnol\u00f3gico%20Am\u00e9rico%20Vespucio\" data-title=\"Linkedin\" aria-label=\"Share on Linkedin\"><span class=\"fa fa-linkedin\"><\/span><\/a><\/li><li class=\"post_share-mail\"><a target=\"_blank\" href=\"mailto:?subject=Construcci%C3%B3n+Civil%3A+Futuros+T.S.U.+de+tec-av+Liderar%C3%A1n+Proyectos+de+Infraestructura&body=https:\/\/tecnologicoav.com\/site\/construccion-civil-futuros-t-s-u-de-tecav-lideraran-proyectos-de-infraestructura\/\" data-title=\"Email\" aria-label=\"Share on Email\"><span class=\"fa fa-envelope\"><\/span><\/a><\/li>\t\t\t\t\t<\/ul>\n\t\t\t\t<\/div>\n\t\t\t<\/div>\n\t\t\t<!-- \/\/post share block -->\n\t\t<\/div><a class='gt3_blog_packery__text_wrap_link' href='https:\/\/tecnologicoav.com\/site\/construccion-civil-futuros-t-s-u-de-tecav-lideraran-proyectos-de-infraestructura\/'><\/a><\/div><\/div><\/div><div class=\"blog_post_preview isotope_item  packery_extra_size-default  render_index_5    format-standard \"><div class=\"item_wrapper\"><div class=\"gt3_blog_packery__img_wrap\"><div class=\"gt3_blog_packery__img\"><a href=\"https:\/\/tecnologicoav.com\/site\/turismo-y-hoteleria-egresados-de-tecav-listos-para-liderar-el-sector\/\"><div class=\"gt3_blog_packery__image-placeholder\" style=\"padding-bottom:120%;background-color:#7C684C;\"><\/div><img decoding=\"async\"  srcset=\"https:\/\/tecnologicoav.com\/site\/wp-content\/uploads\/2021\/08\/imag-not-003-1200x1440.jpg 1200w, https:\/\/tecnologicoav.com\/site\/wp-content\/uploads\/2021\/08\/imag-not-003-670x804.jpg 670w, https:\/\/tecnologicoav.com\/site\/wp-content\/uploads\/2021\/08\/imag-not-003-640x768.jpg 640w, https:\/\/tecnologicoav.com\/site\/wp-content\/uploads\/2021\/08\/imag-not-003-540x648.jpg 540w, https:\/\/tecnologicoav.com\/site\/wp-content\/uploads\/2021\/08\/imag-not-003-400x480.jpg 400w, https:\/\/tecnologicoav.com\/site\/wp-content\/uploads\/2021\/08\/imag-not-003-496x595.jpg 496w, https:\/\/tecnologicoav.com\/site\/wp-content\/uploads\/2021\/08\/imag-not-003-384x460.jpg 384w, https:\/\/tecnologicoav.com\/site\/wp-content\/uploads\/2021\/08\/imag-not-003-600x720.jpg 600w,https:\/\/tecnologicoav.com\/site\/wp-content\/uploads\/2021\/08\/imag-not-003-420x504.jpg 420w\" src=\"https:\/\/tecnologicoav.com\/site\/wp-content\/uploads\/2021\/08\/imag-not-003-540x648.jpg\" sizes=\"(min-width: 2000px) 1200px, (min-width: 1920px) 670px, (min-width: 1620px) 640px, (min-width: 1200px) 540px, (min-width: 992px) 400px, (min-width: 768px) 496px, (min-width: 600px) 384px, (min-width: 420px) 600px, (max-width: 600px) 420px\" alt=\"Turismo y Hoteler\u00eda: Egresados de tec-av Listos para Liderar el Sector\" \/><\/a><\/div><\/div><div class=\"gt3_blog_packery__text_wrap\"><div class=\"listing_meta\"><span class=\"post_date\"><a href=\"https:\/\/tecnologicoav.com\/site\/turismo-y-hoteleria-egresados-de-tecav-listos-para-liderar-el-sector\/\">noviembre 3, 2025<\/a><\/span><\/div><h3 class=\"blogpost_title\"><a href=\"https:\/\/tecnologicoav.com\/site\/turismo-y-hoteleria-egresados-de-tecav-listos-para-liderar-el-sector\/\">Turismo y Hoteler\u00eda: Egresados de tec-av Listos para Liderar el Sector<\/a><\/h3><div class='gt3_blog_packery__post_footer'><div class=\"gt3_module_button_list\"><a href=\"https:\/\/tecnologicoav.com\/site\/turismo-y-hoteleria-egresados-de-tecav-listos-para-liderar-el-sector\/\">M\u00c1S DETALLES...<\/a><\/div>\t\t\t<!-- post share block -->\n\t\t\t<div class=\"post_share_block\">\n\t\t\t\t<a href=\"#\"><span class=\"sharing_title\">Share<\/span><\/a>\n\t\t\t\t<div class=\"post_share_wrap\">\n\t\t\t\t\t<ul>\n\t\t\t\t\t\t<li class=\"post_share-facebook\"><a target=\"_blank\" href=\"https:\/\/www.facebook.com\/share.php?u=https:\/\/tecnologicoav.com\/site\/turismo-y-hoteleria-egresados-de-tecav-listos-para-liderar-el-sector\/\" data-title=\"Facebook\" aria-label=\"Share on Facebook\"><span class=\"fa fa-facebook\"><\/span><\/a><\/li><li class=\"post_share-twitter\"><a target=\"_blank\" href=\"https:\/\/twitter.com\/intent\/tweet?text=Turismo%20y%20Hoteler\u00eda:%20Egresados%20de%20tec-av%20Listos%20para%20Liderar%20el%20Sector&#038;url=https:\/\/tecnologicoav.com\/site\/turismo-y-hoteleria-egresados-de-tecav-listos-para-liderar-el-sector\/\" data-title=\"Twitter\" aria-label=\"Share on Twitter\"><span class=\"fa fa-twitter\"><\/span><\/a><\/li><li class=\"post_share-linkedin\"><a target=\"_blank\" href=\"https:\/\/www.linkedin.com\/shareArticle?mini=true&#038;url=https:\/\/tecnologicoav.com\/site\/turismo-y-hoteleria-egresados-de-tecav-listos-para-liderar-el-sector\/&#038;title=Turismo%20y%20Hoteler\u00eda:%20Egresados%20de%20tec-av%20Listos%20para%20Liderar%20el%20Sector&#038;source=TECAV%20-%20Tecnol\u00f3gico%20Am\u00e9rico%20Vespucio\" data-title=\"Linkedin\" aria-label=\"Share on Linkedin\"><span class=\"fa fa-linkedin\"><\/span><\/a><\/li><li class=\"post_share-mail\"><a target=\"_blank\" href=\"mailto:?subject=Turismo+y+Hoteler%C3%ADa%3A+Egresados+de+tec-av+Listos+para+Liderar+el+Sector&body=https:\/\/tecnologicoav.com\/site\/turismo-y-hoteleria-egresados-de-tecav-listos-para-liderar-el-sector\/\" data-title=\"Email\" aria-label=\"Share on Email\"><span class=\"fa fa-envelope\"><\/span><\/a><\/li>\t\t\t\t\t<\/ul>\n\t\t\t\t<\/div>\n\t\t\t<\/div>\n\t\t\t<!-- \/\/post share block -->\n\t\t<\/div><a class='gt3_blog_packery__text_wrap_link' href='https:\/\/tecnologicoav.com\/site\/turismo-y-hoteleria-egresados-de-tecav-listos-para-liderar-el-sector\/'><\/a><\/div><\/div><\/div><div class=\"blog_post_preview isotope_item  packery_extra_size-default  render_index_6    format-standard \"><div class=\"item_wrapper\"><div class=\"gt3_blog_packery__img_wrap\"><div class=\"gt3_blog_packery__img\"><a href=\"https:\/\/tecnologicoav.com\/site\/idiomas-modernos-tecav-impulsa-la-docencia-traduccion-e-interpretacion-internacional\/\"><div class=\"gt3_blog_packery__image-placeholder\" style=\"padding-bottom:120%;background-color:#5E4F7C;\"><\/div><img decoding=\"async\"  srcset=\"https:\/\/tecnologicoav.com\/site\/wp-content\/uploads\/2021\/08\/imag-not-002-1200x1440.jpg 1200w, https:\/\/tecnologicoav.com\/site\/wp-content\/uploads\/2021\/08\/imag-not-002-670x804.jpg 670w, https:\/\/tecnologicoav.com\/site\/wp-content\/uploads\/2021\/08\/imag-not-002-640x768.jpg 640w, https:\/\/tecnologicoav.com\/site\/wp-content\/uploads\/2021\/08\/imag-not-002-540x648.jpg 540w, https:\/\/tecnologicoav.com\/site\/wp-content\/uploads\/2021\/08\/imag-not-002-400x480.jpg 400w, https:\/\/tecnologicoav.com\/site\/wp-content\/uploads\/2021\/08\/imag-not-002-496x595.jpg 496w, https:\/\/tecnologicoav.com\/site\/wp-content\/uploads\/2021\/08\/imag-not-002-384x460.jpg 384w, https:\/\/tecnologicoav.com\/site\/wp-content\/uploads\/2021\/08\/imag-not-002-600x720.jpg 600w,https:\/\/tecnologicoav.com\/site\/wp-content\/uploads\/2021\/08\/imag-not-002-420x504.jpg 420w\" src=\"https:\/\/tecnologicoav.com\/site\/wp-content\/uploads\/2021\/08\/imag-not-002-540x648.jpg\" sizes=\"(min-width: 2000px) 1200px, (min-width: 1920px) 670px, (min-width: 1620px) 640px, (min-width: 1200px) 540px, (min-width: 992px) 400px, (min-width: 768px) 496px, (min-width: 600px) 384px, (min-width: 420px) 600px, (max-width: 600px) 420px\" alt=\"Idiomas Modernos: tec-av Impulsa la Docencia, Traducci\u00f3n e Interpretaci\u00f3n Internacional\" \/><\/a><\/div><\/div><div class=\"gt3_blog_packery__text_wrap\"><div class=\"listing_meta\"><span class=\"post_date\"><a href=\"https:\/\/tecnologicoav.com\/site\/idiomas-modernos-tecav-impulsa-la-docencia-traduccion-e-interpretacion-internacional\/\">noviembre 2, 2025<\/a><\/span><\/div><h3 class=\"blogpost_title\"><a href=\"https:\/\/tecnologicoav.com\/site\/idiomas-modernos-tecav-impulsa-la-docencia-traduccion-e-interpretacion-internacional\/\">Idiomas Modernos: tec-av Impulsa la Docencia, Traducci\u00f3n e Interpretaci\u00f3n Internacional<\/a><\/h3><div class='gt3_blog_packery__post_footer'><div class=\"gt3_module_button_list\"><a href=\"https:\/\/tecnologicoav.com\/site\/idiomas-modernos-tecav-impulsa-la-docencia-traduccion-e-interpretacion-internacional\/\">M\u00c1S DETALLES...<\/a><\/div>\t\t\t<!-- post share block -->\n\t\t\t<div class=\"post_share_block\">\n\t\t\t\t<a href=\"#\"><span class=\"sharing_title\">Share<\/span><\/a>\n\t\t\t\t<div class=\"post_share_wrap\">\n\t\t\t\t\t<ul>\n\t\t\t\t\t\t<li class=\"post_share-facebook\"><a target=\"_blank\" href=\"https:\/\/www.facebook.com\/share.php?u=https:\/\/tecnologicoav.com\/site\/idiomas-modernos-tecav-impulsa-la-docencia-traduccion-e-interpretacion-internacional\/\" data-title=\"Facebook\" aria-label=\"Share on Facebook\"><span class=\"fa fa-facebook\"><\/span><\/a><\/li><li class=\"post_share-twitter\"><a target=\"_blank\" href=\"https:\/\/twitter.com\/intent\/tweet?text=Idiomas%20Modernos:%20tec-av%20Impulsa%20la%20Docencia,%20Traducci\u00f3n%20e%20Interpretaci\u00f3n%20Internacional&#038;url=https:\/\/tecnologicoav.com\/site\/idiomas-modernos-tecav-impulsa-la-docencia-traduccion-e-interpretacion-internacional\/\" data-title=\"Twitter\" aria-label=\"Share on Twitter\"><span class=\"fa fa-twitter\"><\/span><\/a><\/li><li class=\"post_share-linkedin\"><a target=\"_blank\" href=\"https:\/\/www.linkedin.com\/shareArticle?mini=true&#038;url=https:\/\/tecnologicoav.com\/site\/idiomas-modernos-tecav-impulsa-la-docencia-traduccion-e-interpretacion-internacional\/&#038;title=Idiomas%20Modernos:%20tec-av%20Impulsa%20la%20Docencia,%20Traducci\u00f3n%20e%20Interpretaci\u00f3n%20Internacional&#038;source=TECAV%20-%20Tecnol\u00f3gico%20Am\u00e9rico%20Vespucio\" data-title=\"Linkedin\" aria-label=\"Share on Linkedin\"><span class=\"fa fa-linkedin\"><\/span><\/a><\/li><li class=\"post_share-mail\"><a target=\"_blank\" href=\"mailto:?subject=Idiomas+Modernos%3A+tec-av+Impulsa+la+Docencia%2C+Traducci%C3%B3n+e+Interpretaci%C3%B3n+Internacional&body=https:\/\/tecnologicoav.com\/site\/idiomas-modernos-tecav-impulsa-la-docencia-traduccion-e-interpretacion-internacional\/\" data-title=\"Email\" aria-label=\"Share on Email\"><span class=\"fa fa-envelope\"><\/span><\/a><\/li>\t\t\t\t\t<\/ul>\n\t\t\t\t<\/div>\n\t\t\t<\/div>\n\t\t\t<!-- \/\/post share block -->\n\t\t<\/div><a class='gt3_blog_packery__text_wrap_link' href='https:\/\/tecnologicoav.com\/site\/idiomas-modernos-tecav-impulsa-la-docencia-traduccion-e-interpretacion-internacional\/'><\/a><\/div><\/div><\/div>\t<\/div>\n\t<script type=\"application\/json\" id=\"settings--6d99766\">{\"pagination_en\":\"yes\",\"meta_author\":\"\",\"meta_comments\":\"yes\",\"meta_categories\":\"\",\"meta_date\":\"yes\",\"post_excerpt\":\"\",\"meta_sharing\":\"yes\",\"meta_position\":\"before_title\",\"packery_type\":\"1\",\"lazyload\":false,\"use_filter\":\"\",\"post_btn_link\":\"yes\",\"post_btn_link_title\":\"M\\u00c1S DETALLES...\",\"render_index\":\"6\",\"grid_gap\":0,\"query\":{\"post_status\":[\"publish\"],\"post_type\":\"post\",\"posts_per_page\":\"6\",\"post__in\":[\"824\",\"848\",\"1403\",\"1673\",\"1669\",\"1400\",\"1417\"],\"paged\":1,\"exclude\":[1400,1403,1673,1669,848,824]},\"exclude\":[1400,1403,1673,1669,848,824]}<\/script>\t\t\t\t<\/div>\n\t\t\t\t<\/div>\n\t\t\t\t\t<\/div>\n\t\t<\/div>\n\t\t\t\t\t<\/div>\n\t\t<\/section>\n\t\t\t\t<\/div>\n\t\t","protected":false},"excerpt":{"rendered":"<p>noviembre 3, 2025 Administraci\u00f3n de Empresas: TECAV Forma Gerentes con Enfoque en Productividad y \u00c9tica M\u00c1S DETALLES&#8230; Share noviembre 3, 2025 Publicidad y Mercadeo: La Cuna de la Creatividad y las Estrategias Digitales en TECAV M\u00c1S DETALLES&#8230; Share noviembre 3, 2025 Inform\u00e1tica: TECAV Prepara T.S.U. para el Desaf\u00edo de la Transformaci\u00f3n Digital y la Ciberseguridad [&hellip;]<\/p>\n","protected":false},"author":1,"featured_media":0,"parent":0,"menu_order":0,"comment_status":"closed","ping_status":"closed","template":"","meta":{"inline_featured_image":false,"footnotes":""},"class_list":["post-2802","page","type-page","status-publish","hentry"],"_links":{"self":[{"href":"https:\/\/tecnologicoav.com\/site\/wp-json\/wp\/v2\/pages\/2802","targetHints":{"allow":["GET"]}}],"collection":[{"href":"https:\/\/tecnologicoav.com\/site\/wp-json\/wp\/v2\/pages"}],"about":[{"href":"https:\/\/tecnologicoav.com\/site\/wp-json\/wp\/v2\/types\/page"}],"author":[{"embeddable":true,"href":"https:\/\/tecnologicoav.com\/site\/wp-json\/wp\/v2\/users\/1"}],"replies":[{"embeddable":true,"href":"https:\/\/tecnologicoav.com\/site\/wp-json\/wp\/v2\/comments?post=2802"}],"version-history":[{"count":4,"href":"https:\/\/tecnologicoav.com\/site\/wp-json\/wp\/v2\/pages\/2802\/revisions"}],"predecessor-version":[{"id":21532,"href":"https:\/\/tecnologicoav.com\/site\/wp-json\/wp\/v2\/pages\/2802\/revisions\/21532"}],"wp:attachment":[{"href":"https:\/\/tecnologicoav.com\/site\/wp-json\/wp\/v2\/media?parent=2802"}],"curies":[{"name":"wp","href":"https:\/\/api.w.org\/{rel}","templated":true}]}}